{"id":257,"date":"2021-11-19T19:02:34","date_gmt":"2021-11-19T18:02:34","guid":{"rendered":"https:\/\/atelierderic.fr\/?page_id=257"},"modified":"2022-07-07T16:36:55","modified_gmt":"2022-07-07T14:36:55","slug":"programmes","status":"publish","type":"page","link":"https:\/\/atelierderic.fr\/index.php\/programmes\/","title":{"rendered":"Programmes"},"content":{"rendered":"\n<p><em><strong>MOIS DE JUILLET\/AOUT:<\/strong><\/em><\/p>\n\n\n\n<p>Voil\u00e0 les nouveaux programmes des ateliers pour les mois de juillet\/ ao\u00fbt :<\/p>\n\n\n\n<p>Les produits de saison, L\u2019\u00e9t\u00e9 est la \u2026<\/p>\n\n\n\n<p>Les salades creatives\u2026.<\/p>\n\n\n\n<p>La corolle de brick, wok crevettes et l\u00e9gumes<\/p>\n\n\n\n<p> Paupiettes d&rsquo;herbes <\/p>\n\n\n\n<p> Les sauces vierge<\/p>\n\n\n\n<p>Les granit\u00e9s\u2026<\/p>\n\n\n\n<p>Le saumon gravelax et son guacamol \u2026<\/p>\n\n\n\n<p>Le tartare de dorade, b\u0153uf<\/p>\n\n\n\n<p> Les petits farcis de l\u00e9gumes \u2026<\/p>\n\n\n\n<p>Et en dessert ..Les acidul\u00e9s d\u2019agrumes<\/p>\n\n\n\n<p> Et bien s\u00fbr toutes vos suggestions sont les bienvenues !<\/p>\n\n\n\n<p>A tres vite !!!!<\/p>\n\n\n\n<p><\/p>\n\n\n\n<p><em><strong>MOIS DE MAI\/JUIN :<\/strong><\/em><\/p>\n\n\n\n<p>Galette de  pomme  de  terre maquereau fum\u00e9, cr\u00e8me aux  herbes<\/p>\n\n\n\n<p>Paupiettes  d&rsquo;herbes ,  sauce  vierge<\/p>\n\n\n\n<p>Montgolfi\u00e8re  de  la  mer (lotte,  coquillages )<\/p>\n\n\n\n<p>assiette  ap\u00e9ritive<\/p>\n\n\n\n<p>saumon  gravelax<\/p>\n\n\n\n<p>Tarte  du  printemps<\/p>\n\n\n\n<p>Rable  de  lapin  comme  une  selle  d&rsquo;agneau,  petit  farci  de  l\u00e9gumes<\/p>\n\n\n\n<p>Filet  de  dorade contis\u00e9  aux  olives,  l\u00e9gumes  de  printemps au  coulis  d&rsquo;herbes<\/p>\n\n\n\n<p>Tournedos  de  colin  ,  fenouil brais\u00e9<\/p>\n\n\n\n<p><strong>Sauces :<\/strong><\/p>\n\n\n\n<p>Framboise<\/p>\n\n\n\n<p>\u00c9chalotes confites  au  parmesan<\/p>\n\n\n\n<p>Vierge<\/p>\n\n\n\n<p>Banyuls<\/p>\n\n\n\n<p><\/p>\n\n\n\n<p><\/p>\n\n\n\n<p><\/p>\n\n\n\n<p><em><strong>MOIS DE JANVIER\/FEVRIER :<\/strong><\/em><\/p>\n\n\n\n<p><strong><em>Autour de la p\u00e2te feuillet\u00e9e :<\/em><\/strong><\/p>\n\n\n\n<p>&#8211; Feuillet\u00e9 de pintade <\/p>\n\n\n\n<p>&#8211;&nbsp;Mongolfi\u00e8re de poisson ou crustac\u00e9<\/p>\n\n\n\n<p>&#8211; &nbsp;avec leurs sauces &#8230;<\/p>\n\n\n\n<p><strong><em>D\u00e9clinaisons de consomm\u00e9s ou potages d\u2019hiver <\/em><\/strong><\/p>\n\n\n\n<p><strong><em>D\u00e9clinaisons de tartes sal\u00e9es<br>Plats autour des endives &#8230;<\/em><\/strong><\/p>\n\n\n\n<p><\/p>\n\n\n\n<p><\/p>\n\n\n\n<p><\/p>\n\n\n\n<p><strong>MOIS DE NOVEMBRE&nbsp;:<\/strong><\/p>\n\n\n\n<p><strong><em>Entr\u00e9es&nbsp;&nbsp;froides&nbsp;&nbsp;ou chaudes&nbsp;&nbsp;de&nbsp;&nbsp;saison, autour&nbsp;&nbsp;des&nbsp;&nbsp;l\u00e9gumes&nbsp;:<\/em><\/strong><\/p>\n\n\n\n<p>&#8211; Consomm\u00e9 autour des l\u00e9gumes racines et coquillages.<\/p>\n\n\n\n<p>&#8211; Press\u00e9 de&nbsp;&nbsp;b\u0153uf aux&nbsp;&nbsp;lentilles&nbsp;&nbsp;du&nbsp;&nbsp;Berry avec&nbsp;&nbsp;vinaigrette&nbsp;&nbsp;au miel et&nbsp;&nbsp;huile&nbsp;&nbsp;de&nbsp;&nbsp;noisette.<\/p>\n\n\n\n<p>&#8211; Capuccino de sucrine du&nbsp;&nbsp;Berry , chantilly au&nbsp;&nbsp;lard&nbsp;&nbsp;fum\u00e9<\/p>\n\n\n\n<p><strong><em>Plats chauds&nbsp;autour des&nbsp;&nbsp;poissons&nbsp;:<\/em><\/strong><\/p>\n\n\n\n<p>-Filet&nbsp;&nbsp;de&nbsp;&nbsp;dorade&nbsp;&nbsp;royale,&nbsp;&nbsp;nage&nbsp;&nbsp;de&nbsp;&nbsp;coques&nbsp;&nbsp;\u00e0 la&nbsp;&nbsp;citronnelle, \u00e9cras\u00e9 de&nbsp;&nbsp;pomme de&nbsp;&nbsp;terre.<\/p>\n\n\n\n<p>&#8211; wok de&nbsp;&nbsp;lotte et&nbsp;&nbsp;ses&nbsp;&nbsp;petits&nbsp;&nbsp;l\u00e9gumes<\/p>\n\n\n\n<p><strong><em>Les viandes, autour&nbsp;&nbsp;des&nbsp;&nbsp;cuissons longues&nbsp;&nbsp;(porc&nbsp;&nbsp;ou agneau )&nbsp;:<\/em><\/strong><\/p>\n\n\n\n<p>&#8211; Epaule&nbsp;&nbsp;d\u2019agneau et&nbsp;&nbsp;carottes confites au&nbsp;combawa-Le&nbsp;&nbsp;b\u0153uf&nbsp;&nbsp;bourguignon&nbsp;&nbsp;revisit\u00e9&#8212;<\/p>\n\n\n\n<p><strong>MOIS&nbsp;&nbsp;DE&nbsp;&nbsp;DECEMBRE&nbsp;:<\/strong><\/p>\n\n\n\n<p>&#8211; Atelier foie&nbsp;&nbsp;gras&nbsp;<\/p>\n\n\n\n<p>&#8211;&nbsp;&nbsp;Menus&nbsp;&nbsp;festifs&nbsp;&nbsp;en&nbsp;&nbsp;pr\u00e9paration&nbsp;&nbsp;pour&nbsp;&nbsp;les&nbsp;&nbsp;f\u00eates&nbsp;&nbsp;de&nbsp;&nbsp;fin d\u2019ann\u00e9e.<\/p>\n\n\n\n<p><em>PLATS&nbsp;&nbsp;VEGETARIENS&nbsp;&nbsp;AUTOUR&nbsp;&nbsp;DES&nbsp;&nbsp;L\u00c9GUMES&nbsp;<\/em><strong><em>:<\/em><\/strong><\/p>\n\n\n\n<p><strong>Entr\u00e9e :<\/strong><\/p>\n\n\n\n<p>&#8211;<strong>Paupiette&nbsp;&nbsp;d\u2019herbes \u00e0 l\u2019huile&nbsp;&nbsp;de&nbsp;&nbsp;pistache<\/strong>,<\/p>\n\n\n\n<p>\u00e9chalotes&nbsp;grises&nbsp;&nbsp;confites.<\/p>\n\n\n\n<p><strong>Plat :<\/strong><\/p>\n\n\n\n<p>&#8211;<strong>Steak de&nbsp;&nbsp;navets boule d\u2019or<\/strong>,&nbsp;<\/p>\n\n\n\n<p>confiture&nbsp;&nbsp;de&nbsp;&nbsp;vin&nbsp;&nbsp;rouge, panais&nbsp;&nbsp;brais\u00e9s&nbsp;&nbsp;\u00e0 la&nbsp;&nbsp;sauge, carottes&nbsp;&nbsp;aux&nbsp;&nbsp;cl\u00e9mentines, topinambours&nbsp;&nbsp;persillade.<\/p>\n\n\n\n<p><em>PLATS FESTIFS DU MOIS DE D\u00c9CEMBRE&nbsp;<\/em><strong><em>:<\/em><\/strong><\/p>\n\n\n\n<p><strong>Amuse bouche :<\/strong><\/p>\n\n\n\n<p>&#8211; Burger d\u2019escalope de foie gras po\u00eal\u00e9 Chutney de figue et oignon<\/p>\n\n\n\n<p><strong>Entr\u00e9e :<\/strong><\/p>\n\n\n\n<p>&#8211; Goujonnette de sole<br>Cr\u00e9m\u00e9 de coquillages \u00e0 la citronnelle<\/p>\n\n\n\n<p><strong>Plat :<\/strong><\/p>\n\n\n\n<p>&#8211; Pintade ( ou Faisan ) en chartreuse Lard fum\u00e9 et tagliatelles de carottes .<\/p>\n\n\n\n<figure class=\"wp-block-gallery columns-3 is-cropped\"><ul class=\"blocks-gallery-grid\"><li class=\"blocks-gallery-item\"><figure><img loading=\"lazy\" width=\"768\" height=\"1024\" src=\"https:\/\/atelierderic.fr\/wp-content\/uploads\/2021\/11\/IMG_1745-768x1024.jpg\" alt=\"\" data-id=\"270\" data-full-url=\"https:\/\/atelierderic.fr\/wp-content\/uploads\/2021\/11\/IMG_1745-scaled.jpg\" data-link=\"https:\/\/atelierderic.fr\/img_1745\/\" class=\"wp-image-270\" srcset=\"https:\/\/atelierderic.fr\/wp-content\/uploads\/2021\/11\/IMG_1745-768x1024.jpg 768w, https:\/\/atelierderic.fr\/wp-content\/uploads\/2021\/11\/IMG_1745-225x300.jpg 225w, https:\/\/atelierderic.fr\/wp-content\/uploads\/2021\/11\/IMG_1745-1152x1536.jpg 1152w, https:\/\/atelierderic.fr\/wp-content\/uploads\/2021\/11\/IMG_1745-1536x2048.jpg 1536w, https:\/\/atelierderic.fr\/wp-content\/uploads\/2021\/11\/IMG_1745-scaled.jpg 1920w\" sizes=\"(max-width: 767px) 89vw, (max-width: 1000px) 54vw, (max-width: 1071px) 543px, 580px\" \/><figcaption class=\"blocks-gallery-item__caption\">pr\u00e9paration de  la  p\u00e2te a  choux<\/figcaption><\/figure><\/li><li class=\"blocks-gallery-item\"><figure><img loading=\"lazy\" width=\"1024\" height=\"768\" src=\"https:\/\/atelierderic.fr\/wp-content\/uploads\/2021\/11\/IMG_1751-1024x768.jpg\" alt=\"\" data-id=\"271\" data-full-url=\"https:\/\/atelierderic.fr\/wp-content\/uploads\/2021\/11\/IMG_1751-scaled.jpg\" data-link=\"https:\/\/atelierderic.fr\/img_1751\/\" class=\"wp-image-271\" srcset=\"https:\/\/atelierderic.fr\/wp-content\/uploads\/2021\/11\/IMG_1751-1024x768.jpg 1024w, https:\/\/atelierderic.fr\/wp-content\/uploads\/2021\/11\/IMG_1751-300x225.jpg 300w, https:\/\/atelierderic.fr\/wp-content\/uploads\/2021\/11\/IMG_1751-768x576.jpg 768w, https:\/\/atelierderic.fr\/wp-content\/uploads\/2021\/11\/IMG_1751-1536x1152.jpg 1536w, https:\/\/atelierderic.fr\/wp-content\/uploads\/2021\/11\/IMG_1751-2048x1536.jpg 2048w\" sizes=\"(max-width: 767px) 89vw, (max-width: 1000px) 54vw, (max-width: 1071px) 543px, 580px\" \/><figcaption class=\"blocks-gallery-item__caption\">mise au four  des chouquettes au combawa<\/figcaption><\/figure><\/li><li class=\"blocks-gallery-item\"><figure><img loading=\"lazy\" width=\"768\" height=\"1024\" src=\"https:\/\/atelierderic.fr\/wp-content\/uploads\/2021\/11\/IMG_1756-768x1024.jpg\" alt=\"\" data-id=\"276\" data-full-url=\"https:\/\/atelierderic.fr\/wp-content\/uploads\/2021\/11\/IMG_1756-scaled.jpg\" data-link=\"https:\/\/atelierderic.fr\/img_1756\/\" class=\"wp-image-276\" srcset=\"https:\/\/atelierderic.fr\/wp-content\/uploads\/2021\/11\/IMG_1756-768x1024.jpg 768w, https:\/\/atelierderic.fr\/wp-content\/uploads\/2021\/11\/IMG_1756-225x300.jpg 225w, https:\/\/atelierderic.fr\/wp-content\/uploads\/2021\/11\/IMG_1756-1152x1536.jpg 1152w, https:\/\/atelierderic.fr\/wp-content\/uploads\/2021\/11\/IMG_1756-1536x2048.jpg 1536w, https:\/\/atelierderic.fr\/wp-content\/uploads\/2021\/11\/IMG_1756-scaled.jpg 1920w\" sizes=\"(max-width: 767px) 89vw, (max-width: 1000px) 54vw, (max-width: 1071px) 543px, 580px\" \/><figcaption class=\"blocks-gallery-item__caption\">resultat &#8230;<\/figcaption><\/figure><\/li><li class=\"blocks-gallery-item\"><figure><img loading=\"lazy\" width=\"883\" height=\"1024\" src=\"https:\/\/atelierderic.fr\/wp-content\/uploads\/2021\/11\/IMG_1754-883x1024.jpg\" alt=\"\" data-id=\"274\" data-full-url=\"https:\/\/atelierderic.fr\/wp-content\/uploads\/2021\/11\/IMG_1754-scaled.jpg\" data-link=\"https:\/\/atelierderic.fr\/img_1754\/\" class=\"wp-image-274\" srcset=\"https:\/\/atelierderic.fr\/wp-content\/uploads\/2021\/11\/IMG_1754-883x1024.jpg 883w, https:\/\/atelierderic.fr\/wp-content\/uploads\/2021\/11\/IMG_1754-259x300.jpg 259w, https:\/\/atelierderic.fr\/wp-content\/uploads\/2021\/11\/IMG_1754-768x891.jpg 768w, https:\/\/atelierderic.fr\/wp-content\/uploads\/2021\/11\/IMG_1754-1325x1536.jpg 1325w, https:\/\/atelierderic.fr\/wp-content\/uploads\/2021\/11\/IMG_1754-1766x2048.jpg 1766w\" sizes=\"(max-width: 767px) 89vw, (max-width: 1000px) 54vw, (max-width: 1071px) 543px, 580px\" \/><figcaption class=\"blocks-gallery-item__caption\">preparation  des carottes  au jus  de cl\u00e9mentines <\/figcaption><\/figure><\/li><li class=\"blocks-gallery-item\"><figure><img loading=\"lazy\" width=\"865\" height=\"1024\" src=\"https:\/\/atelierderic.fr\/wp-content\/uploads\/2021\/11\/IMG_1752-865x1024.jpg\" alt=\"\" data-id=\"272\" data-full-url=\"https:\/\/atelierderic.fr\/wp-content\/uploads\/2021\/11\/IMG_1752-scaled.jpg\" data-link=\"https:\/\/atelierderic.fr\/img_1752\/\" class=\"wp-image-272\" srcset=\"https:\/\/atelierderic.fr\/wp-content\/uploads\/2021\/11\/IMG_1752-865x1024.jpg 865w, https:\/\/atelierderic.fr\/wp-content\/uploads\/2021\/11\/IMG_1752-253x300.jpg 253w, https:\/\/atelierderic.fr\/wp-content\/uploads\/2021\/11\/IMG_1752-768x910.jpg 768w, https:\/\/atelierderic.fr\/wp-content\/uploads\/2021\/11\/IMG_1752-1297x1536.jpg 1297w, https:\/\/atelierderic.fr\/wp-content\/uploads\/2021\/11\/IMG_1752-1729x2048.jpg 1729w\" sizes=\"(max-width: 767px) 89vw, (max-width: 1000px) 54vw, (max-width: 1071px) 543px, 580px\" \/><figcaption class=\"blocks-gallery-item__caption\">preparation des  moules<\/figcaption><\/figure><\/li><li class=\"blocks-gallery-item\"><figure><img loading=\"lazy\" width=\"768\" height=\"1024\" src=\"https:\/\/atelierderic.fr\/wp-content\/uploads\/2021\/11\/IMG_1764-768x1024.jpg\" alt=\"\" data-id=\"278\" data-full-url=\"https:\/\/atelierderic.fr\/wp-content\/uploads\/2021\/11\/IMG_1764-scaled.jpg\" data-link=\"https:\/\/atelierderic.fr\/img_1764\/\" class=\"wp-image-278\" srcset=\"https:\/\/atelierderic.fr\/wp-content\/uploads\/2021\/11\/IMG_1764-768x1024.jpg 768w, https:\/\/atelierderic.fr\/wp-content\/uploads\/2021\/11\/IMG_1764-225x300.jpg 225w, https:\/\/atelierderic.fr\/wp-content\/uploads\/2021\/11\/IMG_1764-1152x1536.jpg 1152w, https:\/\/atelierderic.fr\/wp-content\/uploads\/2021\/11\/IMG_1764-1536x2048.jpg 1536w, https:\/\/atelierderic.fr\/wp-content\/uploads\/2021\/11\/IMG_1764-scaled.jpg 1920w\" sizes=\"(max-width: 767px) 89vw, (max-width: 1000px) 54vw, (max-width: 1071px) 543px, 580px\" \/><figcaption class=\"blocks-gallery-item__caption\">chemisage des  ramequins<\/figcaption><\/figure><\/li><li class=\"blocks-gallery-item\"><figure><img loading=\"lazy\" width=\"841\" height=\"1024\" src=\"https:\/\/atelierderic.fr\/wp-content\/uploads\/2021\/11\/IMG_1767-841x1024.jpg\" alt=\"\" data-id=\"283\" data-full-url=\"https:\/\/atelierderic.fr\/wp-content\/uploads\/2021\/11\/IMG_1767-scaled.jpg\" data-link=\"https:\/\/atelierderic.fr\/img_1767\/\" class=\"wp-image-283\" srcset=\"https:\/\/atelierderic.fr\/wp-content\/uploads\/2021\/11\/IMG_1767-841x1024.jpg 841w, https:\/\/atelierderic.fr\/wp-content\/uploads\/2021\/11\/IMG_1767-246x300.jpg 246w, https:\/\/atelierderic.fr\/wp-content\/uploads\/2021\/11\/IMG_1767-768x935.jpg 768w, https:\/\/atelierderic.fr\/wp-content\/uploads\/2021\/11\/IMG_1767-1262x1536.jpg 1262w, https:\/\/atelierderic.fr\/wp-content\/uploads\/2021\/11\/IMG_1767-1682x2048.jpg 1682w\" sizes=\"(max-width: 767px) 89vw, (max-width: 1000px) 54vw, (max-width: 1071px) 543px, 580px\" \/><figcaption class=\"blocks-gallery-item__caption\">l&rsquo;appareil d&rsquo;herbe<\/figcaption><\/figure><\/li><li class=\"blocks-gallery-item\"><figure><img loading=\"lazy\" width=\"768\" height=\"1024\" src=\"https:\/\/atelierderic.fr\/wp-content\/uploads\/2021\/11\/IMG_1768-768x1024.jpg\" alt=\"\" data-id=\"279\" data-full-url=\"https:\/\/atelierderic.fr\/wp-content\/uploads\/2021\/11\/IMG_1768-scaled.jpg\" data-link=\"https:\/\/atelierderic.fr\/img_1768\/\" class=\"wp-image-279\" srcset=\"https:\/\/atelierderic.fr\/wp-content\/uploads\/2021\/11\/IMG_1768-768x1024.jpg 768w, https:\/\/atelierderic.fr\/wp-content\/uploads\/2021\/11\/IMG_1768-225x300.jpg 225w, https:\/\/atelierderic.fr\/wp-content\/uploads\/2021\/11\/IMG_1768-1152x1536.jpg 1152w, https:\/\/atelierderic.fr\/wp-content\/uploads\/2021\/11\/IMG_1768-1536x2048.jpg 1536w, https:\/\/atelierderic.fr\/wp-content\/uploads\/2021\/11\/IMG_1768-scaled.jpg 1920w\" sizes=\"(max-width: 767px) 89vw, (max-width: 1000px) 54vw, (max-width: 1071px) 543px, 580px\" \/><figcaption class=\"blocks-gallery-item__caption\">au four &#8230;.<\/figcaption><\/figure><\/li><li class=\"blocks-gallery-item\"><figure><img loading=\"lazy\" width=\"768\" height=\"1024\" src=\"https:\/\/atelierderic.fr\/wp-content\/uploads\/2021\/11\/IMG_1780-768x1024.jpg\" alt=\"\" data-id=\"281\" data-full-url=\"https:\/\/atelierderic.fr\/wp-content\/uploads\/2021\/11\/IMG_1780-scaled.jpg\" data-link=\"https:\/\/atelierderic.fr\/img_1780\/\" class=\"wp-image-281\" srcset=\"https:\/\/atelierderic.fr\/wp-content\/uploads\/2021\/11\/IMG_1780-768x1024.jpg 768w, https:\/\/atelierderic.fr\/wp-content\/uploads\/2021\/11\/IMG_1780-225x300.jpg 225w, https:\/\/atelierderic.fr\/wp-content\/uploads\/2021\/11\/IMG_1780-1152x1536.jpg 1152w, https:\/\/atelierderic.fr\/wp-content\/uploads\/2021\/11\/IMG_1780-1536x2048.jpg 1536w, https:\/\/atelierderic.fr\/wp-content\/uploads\/2021\/11\/IMG_1780-scaled.jpg 1920w\" sizes=\"(max-width: 767px) 89vw, (max-width: 1000px) 54vw, (max-width: 1071px) 543px, 580px\" \/><figcaption class=\"blocks-gallery-item__caption\">dorade  royale, carottes au  jus de  cl\u00e9mentines, cr\u00e9m\u00e9 de  coquillages, \u00e9cras\u00e9  de  pommes  de  terres<\/figcaption><\/figure><\/li><li class=\"blocks-gallery-item\"><figure><img loading=\"lazy\" width=\"798\" height=\"1024\" src=\"https:\/\/atelierderic.fr\/wp-content\/uploads\/2021\/11\/IMG_1780-2-798x1024.jpg\" alt=\"\" data-id=\"282\" data-full-url=\"https:\/\/atelierderic.fr\/wp-content\/uploads\/2021\/11\/IMG_1780-2.jpg\" data-link=\"https:\/\/atelierderic.fr\/img_1780-2\/\" class=\"wp-image-282\" srcset=\"https:\/\/atelierderic.fr\/wp-content\/uploads\/2021\/11\/IMG_1780-2-798x1024.jpg 798w, https:\/\/atelierderic.fr\/wp-content\/uploads\/2021\/11\/IMG_1780-2-234x300.jpg 234w, https:\/\/atelierderic.fr\/wp-content\/uploads\/2021\/11\/IMG_1780-2-768x986.jpg 768w, https:\/\/atelierderic.fr\/wp-content\/uploads\/2021\/11\/IMG_1780-2-1197x1536.jpg 1197w, https:\/\/atelierderic.fr\/wp-content\/uploads\/2021\/11\/IMG_1780-2-1596x2048.jpg 1596w, https:\/\/atelierderic.fr\/wp-content\/uploads\/2021\/11\/IMG_1780-2.jpg 1708w\" sizes=\"(max-width: 767px) 89vw, (max-width: 1000px) 54vw, (max-width: 1071px) 543px, 580px\" \/><figcaption class=\"blocks-gallery-item__caption\">dorade  royale, carottes au  jus de  cl\u00e9mentines, cr\u00e9m\u00e9 de  coquillages, \u00e9cras\u00e9  de  pommes  de  terre<\/figcaption><\/figure><\/li><\/ul><\/figure>\n\n\n\n<figure class=\"wp-block-image size-large\"><img loading=\"lazy\" width=\"1024\" height=\"768\" src=\"https:\/\/atelierderic.fr\/wp-content\/uploads\/2021\/12\/IMG_1813-1024x768.jpg\" alt=\"\" class=\"wp-image-294\" srcset=\"https:\/\/atelierderic.fr\/wp-content\/uploads\/2021\/12\/IMG_1813-1024x768.jpg 1024w, https:\/\/atelierderic.fr\/wp-content\/uploads\/2021\/12\/IMG_1813-300x225.jpg 300w, https:\/\/atelierderic.fr\/wp-content\/uploads\/2021\/12\/IMG_1813-768x576.jpg 768w, https:\/\/atelierderic.fr\/wp-content\/uploads\/2021\/12\/IMG_1813-1536x1152.jpg 1536w, https:\/\/atelierderic.fr\/wp-content\/uploads\/2021\/12\/IMG_1813-2048x1536.jpg 2048w\" sizes=\"(max-width: 767px) 89vw, (max-width: 1000px) 54vw, (max-width: 1071px) 543px, 580px\" \/><\/figure>\n\n\n\n<figure class=\"wp-block-image size-large\"><img loading=\"lazy\" width=\"1024\" height=\"955\" src=\"https:\/\/atelierderic.fr\/wp-content\/uploads\/2021\/12\/6f3a99b4-fd05-48f9-b9b5-8e6222e426fb-e1639418235636-1024x955.jpg\" alt=\"\" class=\"wp-image-288\" srcset=\"https:\/\/atelierderic.fr\/wp-content\/uploads\/2021\/12\/6f3a99b4-fd05-48f9-b9b5-8e6222e426fb-e1639418235636-1024x955.jpg 1024w, https:\/\/atelierderic.fr\/wp-content\/uploads\/2021\/12\/6f3a99b4-fd05-48f9-b9b5-8e6222e426fb-e1639418235636-300x280.jpg 300w, https:\/\/atelierderic.fr\/wp-content\/uploads\/2021\/12\/6f3a99b4-fd05-48f9-b9b5-8e6222e426fb-e1639418235636-768x717.jpg 768w, https:\/\/atelierderic.fr\/wp-content\/uploads\/2021\/12\/6f3a99b4-fd05-48f9-b9b5-8e6222e426fb-e1639418235636.jpg 1076w\" sizes=\"(max-width: 767px) 89vw, (max-width: 1000px) 54vw, (max-width: 1071px) 543px, 580px\" \/><\/figure>\n\n\n\n<figure class=\"wp-block-image size-large\"><img loading=\"lazy\" width=\"1005\" height=\"1024\" src=\"https:\/\/atelierderic.fr\/wp-content\/uploads\/2022\/05\/d9f7f0f5-896f-49bd-b23d-54c3c1748a24-1005x1024.jpg\" alt=\"\" class=\"wp-image-318\" srcset=\"https:\/\/atelierderic.fr\/wp-content\/uploads\/2022\/05\/d9f7f0f5-896f-49bd-b23d-54c3c1748a24-1005x1024.jpg 1005w, https:\/\/atelierderic.fr\/wp-content\/uploads\/2022\/05\/d9f7f0f5-896f-49bd-b23d-54c3c1748a24-294x300.jpg 294w, https:\/\/atelierderic.fr\/wp-content\/uploads\/2022\/05\/d9f7f0f5-896f-49bd-b23d-54c3c1748a24-768x783.jpg 768w, https:\/\/atelierderic.fr\/wp-content\/uploads\/2022\/05\/d9f7f0f5-896f-49bd-b23d-54c3c1748a24.jpg 1200w\" sizes=\"(max-width: 767px) 89vw, (max-width: 1000px) 54vw, (max-width: 1071px) 543px, 580px\" \/><figcaption>assiette  ap\u00e9ritive <\/figcaption><\/figure>\n\n\n\n<figure class=\"wp-block-image size-large\"><img loading=\"lazy\" width=\"1024\" height=\"1000\" src=\"https:\/\/atelierderic.fr\/wp-content\/uploads\/2022\/05\/920552c9-ff6a-4865-b3de-e94371648d8f-e1651401958324-1024x1000.jpg\" alt=\"\" class=\"wp-image-313\" srcset=\"https:\/\/atelierderic.fr\/wp-content\/uploads\/2022\/05\/920552c9-ff6a-4865-b3de-e94371648d8f-e1651401958324-1024x1000.jpg 1024w, https:\/\/atelierderic.fr\/wp-content\/uploads\/2022\/05\/920552c9-ff6a-4865-b3de-e94371648d8f-e1651401958324-300x293.jpg 300w, https:\/\/atelierderic.fr\/wp-content\/uploads\/2022\/05\/920552c9-ff6a-4865-b3de-e94371648d8f-e1651401958324-768x750.jpg 768w, https:\/\/atelierderic.fr\/wp-content\/uploads\/2022\/05\/920552c9-ff6a-4865-b3de-e94371648d8f-e1651401958324.jpg 1200w\" sizes=\"(max-width: 767px) 89vw, (max-width: 1000px) 54vw, (max-width: 1071px) 543px, 580px\" \/><figcaption>tarte  du  printemps<\/figcaption><\/figure>\n\n\n\n<figure class=\"wp-block-image\"><img alt=\"\"\/><\/figure>\n","protected":false},"excerpt":{"rendered":"<p>MOIS DE JUILLET\/AOUT: Voil\u00e0 les nouveaux programmes des ateliers pour les mois de juillet\/ ao\u00fbt : Les produits de saison, L\u2019\u00e9t\u00e9 est la \u2026 Les salades creatives\u2026. La corolle de brick, wok crevettes et l\u00e9gumes Paupiettes d&rsquo;herbes Les sauces vierge Les granit\u00e9s\u2026 Le saumon gravelax et son guacamol \u2026 Le tartare de dorade, b\u0153uf Les &hellip; <\/p>\n<p class=\"link-more\"><a href=\"https:\/\/atelierderic.fr\/index.php\/programmes\/\" class=\"more-link\">Continuer la lecture<span class=\"screen-reader-text\"> de &laquo;&nbsp;Programmes&nbsp;&raquo;<\/span><\/a><\/p>\n","protected":false},"author":1,"featured_media":346,"parent":0,"menu_order":0,"comment_status":"closed","ping_status":"closed","template":"","meta":[],"_links":{"self":[{"href":"https:\/\/atelierderic.fr\/index.php\/wp-json\/wp\/v2\/pages\/257"}],"collection":[{"href":"https:\/\/atelierderic.fr\/index.php\/wp-json\/wp\/v2\/pages"}],"about":[{"href":"https:\/\/atelierderic.fr\/index.php\/wp-json\/wp\/v2\/types\/page"}],"author":[{"embeddable":true,"href":"https:\/\/atelierderic.fr\/index.php\/wp-json\/wp\/v2\/users\/1"}],"replies":[{"embeddable":true,"href":"https:\/\/atelierderic.fr\/index.php\/wp-json\/wp\/v2\/comments?post=257"}],"version-history":[{"count":16,"href":"https:\/\/atelierderic.fr\/index.php\/wp-json\/wp\/v2\/pages\/257\/revisions"}],"predecessor-version":[{"id":342,"href":"https:\/\/atelierderic.fr\/index.php\/wp-json\/wp\/v2\/pages\/257\/revisions\/342"}],"wp:featuredmedia":[{"embeddable":true,"href":"https:\/\/atelierderic.fr\/index.php\/wp-json\/wp\/v2\/media\/346"}],"wp:attachment":[{"href":"https:\/\/atelierderic.fr\/index.php\/wp-json\/wp\/v2\/media?parent=257"}],"curies":[{"name":"wp","href":"https:\/\/api.w.org\/{rel}","templated":true}]}}