{"id":96,"date":"2021-10-14T22:01:27","date_gmt":"2021-10-14T20:01:27","guid":{"rendered":"http:\/\/mgywwym.cluster031.hosting.ovh.net\/?page_id=96"},"modified":"2022-05-04T22:58:22","modified_gmt":"2022-05-04T20:58:22","slug":"a-propos-de","status":"publish","type":"page","link":"https:\/\/atelierderic.fr\/index.php\/a-propos-de\/","title":{"rendered":"\u00c0 propos du chef  &#8230;"},"content":{"rendered":"\n<div class=\"wp-block-cover has-background-dim\" style=\"min-height:394px\"><img loading=\"lazy\" width=\"788\" height=\"1024\" class=\"wp-block-cover__image-background wp-image-50\" alt=\"\" src=\"http:\/\/mgywwym.cluster031.hosting.ovh.net\/wp-content\/uploads\/2021\/10\/00-456-2-788x1024.jpg\" style=\"object-position:54% 40%\" data-object-fit=\"cover\" data-object-position=\"54% 40%\" srcset=\"https:\/\/atelierderic.fr\/wp-content\/uploads\/2021\/10\/00-456-2-788x1024.jpg 788w, https:\/\/atelierderic.fr\/wp-content\/uploads\/2021\/10\/00-456-2-231x300.jpg 231w, https:\/\/atelierderic.fr\/wp-content\/uploads\/2021\/10\/00-456-2-768x999.jpg 768w, https:\/\/atelierderic.fr\/wp-content\/uploads\/2021\/10\/00-456-2-1181x1536.jpg 1181w, https:\/\/atelierderic.fr\/wp-content\/uploads\/2021\/10\/00-456-2-1575x2048.jpg 1575w, https:\/\/atelierderic.fr\/wp-content\/uploads\/2021\/10\/00-456-2-1200x1560.jpg 1200w, https:\/\/atelierderic.fr\/wp-content\/uploads\/2021\/10\/00-456-2-scaled.jpg 1969w\" sizes=\"(max-width: 767px) 89vw, (max-width: 1000px) 54vw, (max-width: 1071px) 543px, 580px\" \/><div class=\"wp-block-cover__inner-container\">\n<p><\/p>\n\n\n\n<p><\/p>\n\n\n\n<p><\/p>\n\n\n\n<p><\/p>\n\n\n\n<p>Eric Teyant, Chef  de cuisine<\/p>\n<\/div><\/div>\n\n\n\n<p><\/p>\n\n\n\n<p class=\"has-text-align-left\">D\u00e8s l\u2019\u00e2ge de 10 ans je r\u00eave de marcher sur les traces de Auguste Escoffier, mais j\u2019attend d\u2019avoir 16 ans pour quitter l\u2019\u00e9cole et d\u00e9buter ma formation .&nbsp;<\/p>\n\n\n\n<p class=\"has-text-align-left\">Je commence mon apprentissage avec Monsieur Vial chef du <strong>relais de Poitiers<\/strong>,&nbsp;<\/p>\n\n\n\n<p class=\"has-text-align-left\" style=\"line-height:1.9\">apr\u00e8s deux ans pass\u00e9s aupr\u00e8s de ce grand monsieur , je travaille en tant que commis de cuisine au restaurant <strong>Tante Mad\u00e9e<\/strong>, mon service militaire accompli, je pars en Suisse travailler <strong>au relais du Vieux Moulin <\/strong>en tant que chef de partie, trois mois plus tard je deviens chef de cuisine et obtiens <strong>une \u00e9toile Michelin<\/strong>. J\u2019ai alors 21 ans, je resterai deux ans en Suisse&nbsp;.<\/p>\n\n\n\n<p class=\"has-text-align-left\">\u00c0 partir de l\u00e0, je d\u00e9cide d\u2019exercer mon m\u00e9tier de chef dans des petites structures. Je pars \u00e0 Paris travailler <strong>Chez Yolande<\/strong> rue de Clichy puis quitte Paris pour m\u2019installer en province avec mon fr\u00e8re au restaurant <strong>la Chaumi\u00e8re<\/strong> \u00e0 Poitiers<\/p>\n\n\n\n<p class=\"has-text-align-left\">&nbsp;En 87, retour vers Paris pour travailler avec Monsieur Abatecola propri\u00e9taire de plusieurs restaurants, je participe \u00e0 la r\u00e9ouverture de <strong>la ferme de La Villette.<\/strong><\/p>\n\n\n\n<p class=\"has-text-align-left\">Quelques ann\u00e9es plus tard je deviens directeur et chef de cuisine du restaurant                           <strong>la&nbsp;&nbsp;Bastoche<\/strong> \u00e0 c\u00f4t\u00e9 de la place de la Bastille,&nbsp;&nbsp;ma mission est simple&nbsp;:redresser l\u2019entreprise proche du d\u00e9p\u00f4t de bilan.&nbsp;<\/p>\n\n\n\n<p class=\"has-text-align-left\">Durant toute cette p\u00e9riode je prends contact avec des fournisseurs qui me soutiendrons dans l\u2019ouverture de mon propre \u00e9tablissement.<\/p>\n\n\n\n<p class=\"has-text-align-left\"><strong>Le restaurant \u00ab&nbsp;jules&nbsp;\u00bb<\/strong> ouvre en janvier 2000, en mai un premier article dans le Figaro attire de nombreux clients chez Jules.<\/p>\n\n\n\n<p class=\"has-text-align-left\">&nbsp;Les choses s\u2019encha\u00eenent ensuite tr\u00e8s vite car en juin un deuxi\u00e8me article para\u00eet dans le magazine Elle, en septembre Biba et saveurs lui consacre un reportage avec photos<\/p>\n\n\n\n<p class=\"has-text-align-left\">le faisant&nbsp;&nbsp;figurer dans de nombreux guides am\u00e9ricains , un nouvel article paru dans le monde sous la plume de Jean-Claude Ribault conforte cette notori\u00e9t\u00e9 \u00e0 la fin de l\u2019ann\u00e9e 2000.<\/p>\n\n\n\n<p class=\"has-text-align-left\">Le 12 juin 2001 on me d\u00e9cerne <strong>le troph\u00e9e \u00ab&nbsp;jeune chef de l\u2019ann\u00e9e&nbsp;\u00bb<\/strong> par Ch\u00e2teau Larmande grand cru class\u00e9 de Saint-\u00c9milion.<\/p>\n\n\n\n<p class=\"has-text-align-left\">Le restaurant <strong>jules<\/strong> figurera dans les&nbsp;&nbsp;guides&nbsp;&nbsp;prestigieux&nbsp;&nbsp;comme&nbsp;&nbsp;<strong>le&nbsp;&nbsp;Gault&nbsp;&nbsp;et&nbsp;&nbsp;Millau<\/strong> (une toque ),&nbsp;&nbsp;<strong>le&nbsp;&nbsp;guide&nbsp;&nbsp;lebbey&nbsp;<\/strong>&nbsp;( Une&nbsp;&nbsp;tour&nbsp;&nbsp;Eiffel ),&nbsp;&nbsp;<strong>le&nbsp;&nbsp;Let\u2019s Go<\/strong>&nbsp;&nbsp;&nbsp;et&nbsp;&nbsp;<strong>le&nbsp;&nbsp;guide&nbsp;&nbsp;Michelin<\/strong> .<\/p>\n\n\n\n<p class=\"has-text-align-left\">Par la suite,  je continuerai&nbsp;&nbsp;mon&nbsp;&nbsp;aventure&nbsp;&nbsp;pendant&nbsp;&nbsp;7 ans&nbsp;&nbsp;<strong>\u00ab&nbsp;chez&nbsp;&nbsp;Paul&nbsp;\u00bb<\/strong> , restaurant&nbsp;&nbsp;incontournable&nbsp;&nbsp;du&nbsp;&nbsp;11 eme&nbsp;&nbsp;arrondissement, <strong>La  Galoche  d&rsquo;Aurillac<\/strong>&nbsp;&nbsp;puis&nbsp;&nbsp;<strong>le&nbsp;&nbsp;Napol\u00e9on<\/strong> et&nbsp;&nbsp;enfin&nbsp;&nbsp;le&nbsp;&nbsp;restaurant          <strong>\u00ab&nbsp;Loup&nbsp;\u00bb<\/strong> rue&nbsp;&nbsp;du&nbsp;&nbsp;louvre&nbsp;&nbsp;\u00e0 Paris&nbsp;&nbsp;jusqu\u2018en 2020.<\/p>\n\n\n\n<p class=\"has-text-align-left\">Aujourd\u2019hui, j\u2019ai mis un terme a ma carri\u00e8re de chef pour me consacrer exclusivement \u00e0 la formation. J\u2019ai envie de transmettre mon exp\u00e9rience aupr\u00e8s d\u2019un public plus large pour le plaisir et le partage&nbsp;&nbsp;&nbsp;de la&nbsp;&nbsp;cuisine&nbsp;&nbsp;..<\/p>\n\n\n\n<figure class=\"wp-block-gallery aligncenter columns-3\"><ul class=\"blocks-gallery-grid\"><li class=\"blocks-gallery-item\"><figure><img loading=\"lazy\" width=\"1020\" height=\"1024\" src=\"https:\/\/atelierderic.fr\/wp-content\/uploads\/2021\/11\/jules-resto-1020x1024.jpg\" alt=\"\" data-id=\"249\" data-link=\"https:\/\/atelierderic.fr\/index.php\/a-propos-de\/jules-resto\/\" class=\"wp-image-249\" srcset=\"https:\/\/atelierderic.fr\/wp-content\/uploads\/2021\/11\/jules-resto-1020x1024.jpg 1020w, https:\/\/atelierderic.fr\/wp-content\/uploads\/2021\/11\/jules-resto-300x300.jpg 300w, https:\/\/atelierderic.fr\/wp-content\/uploads\/2021\/11\/jules-resto-150x150.jpg 150w, https:\/\/atelierderic.fr\/wp-content\/uploads\/2021\/11\/jules-resto-768x771.jpg 768w, https:\/\/atelierderic.fr\/wp-content\/uploads\/2021\/11\/jules-resto-1529x1536.jpg 1529w, https:\/\/atelierderic.fr\/wp-content\/uploads\/2021\/11\/jules-resto-100x100.jpg 100w, https:\/\/atelierderic.fr\/wp-content\/uploads\/2021\/11\/jules-resto.jpg 1594w\" sizes=\"(max-width: 767px) 89vw, (max-width: 1000px) 54vw, (max-width: 1071px) 543px, 580px\" \/><\/figure><\/li><li class=\"blocks-gallery-item\"><figure><img loading=\"lazy\" width=\"901\" height=\"1024\" src=\"https:\/\/atelierderic.fr\/wp-content\/uploads\/2021\/11\/jules-le-monde-901x1024.jpg\" alt=\"\" data-id=\"248\" data-link=\"https:\/\/atelierderic.fr\/index.php\/a-propos-de\/jules-le-monde\/\" class=\"wp-image-248\" srcset=\"https:\/\/atelierderic.fr\/wp-content\/uploads\/2021\/11\/jules-le-monde-901x1024.jpg 901w, https:\/\/atelierderic.fr\/wp-content\/uploads\/2021\/11\/jules-le-monde-264x300.jpg 264w, https:\/\/atelierderic.fr\/wp-content\/uploads\/2021\/11\/jules-le-monde-768x872.jpg 768w, https:\/\/atelierderic.fr\/wp-content\/uploads\/2021\/11\/jules-le-monde.jpg 1251w\" sizes=\"(max-width: 767px) 89vw, (max-width: 1000px) 54vw, (max-width: 1071px) 543px, 580px\" \/><\/figure><\/li><li class=\"blocks-gallery-item\"><figure><img loading=\"lazy\" width=\"908\" height=\"1024\" src=\"https:\/\/atelierderic.fr\/wp-content\/uploads\/2021\/11\/eric-2-908x1024.jpg\" alt=\"\" data-id=\"247\" data-link=\"https:\/\/atelierderic.fr\/index.php\/a-propos-de\/eric-2\/\" class=\"wp-image-247\" srcset=\"https:\/\/atelierderic.fr\/wp-content\/uploads\/2021\/11\/eric-2-908x1024.jpg 908w, https:\/\/atelierderic.fr\/wp-content\/uploads\/2021\/11\/eric-2-266x300.jpg 266w, https:\/\/atelierderic.fr\/wp-content\/uploads\/2021\/11\/eric-2-768x866.jpg 768w, https:\/\/atelierderic.fr\/wp-content\/uploads\/2021\/11\/eric-2-1361x1536.jpg 1361w, https:\/\/atelierderic.fr\/wp-content\/uploads\/2021\/11\/eric-2.jpg 1638w\" sizes=\"(max-width: 767px) 89vw, (max-width: 1000px) 54vw, (max-width: 1071px) 543px, 580px\" \/><\/figure><\/li><li class=\"blocks-gallery-item\"><figure><img loading=\"lazy\" width=\"685\" height=\"1024\" src=\"https:\/\/atelierderic.fr\/wp-content\/uploads\/2021\/11\/eric-1-685x1024.jpg\" alt=\"\" data-id=\"246\" data-link=\"https:\/\/atelierderic.fr\/index.php\/a-propos-de\/eric-1\/\" class=\"wp-image-246\" srcset=\"https:\/\/atelierderic.fr\/wp-content\/uploads\/2021\/11\/eric-1-685x1024.jpg 685w, https:\/\/atelierderic.fr\/wp-content\/uploads\/2021\/11\/eric-1-201x300.jpg 201w, https:\/\/atelierderic.fr\/wp-content\/uploads\/2021\/11\/eric-1-768x1147.jpg 768w, https:\/\/atelierderic.fr\/wp-content\/uploads\/2021\/11\/eric-1-1028x1536.jpg 1028w, https:\/\/atelierderic.fr\/wp-content\/uploads\/2021\/11\/eric-1-1371x2048.jpg 1371w, https:\/\/atelierderic.fr\/wp-content\/uploads\/2021\/11\/eric-1.jpg 1644w\" sizes=\"(max-width: 685px) 100vw, 685px\" \/><\/figure><\/li><li class=\"blocks-gallery-item\"><figure><img loading=\"lazy\" width=\"1024\" height=\"679\" src=\"https:\/\/atelierderic.fr\/wp-content\/uploads\/2021\/11\/loup--1024x679.jpg\" alt=\"\" data-id=\"250\" data-full-url=\"https:\/\/atelierderic.fr\/wp-content\/uploads\/2021\/11\/loup--scaled.jpg\" data-link=\"https:\/\/atelierderic.fr\/index.php\/a-propos-de\/loup\/\" class=\"wp-image-250\" srcset=\"https:\/\/atelierderic.fr\/wp-content\/uploads\/2021\/11\/loup--1024x679.jpg 1024w, https:\/\/atelierderic.fr\/wp-content\/uploads\/2021\/11\/loup--300x199.jpg 300w, https:\/\/atelierderic.fr\/wp-content\/uploads\/2021\/11\/loup--768x509.jpg 768w, https:\/\/atelierderic.fr\/wp-content\/uploads\/2021\/11\/loup--1536x1018.jpg 1536w, https:\/\/atelierderic.fr\/wp-content\/uploads\/2021\/11\/loup--2048x1358.jpg 2048w\" sizes=\"(max-width: 767px) 89vw, (max-width: 1000px) 54vw, (max-width: 1071px) 543px, 580px\" \/><\/figure><\/li><\/ul><\/figure>\n\n\n\n<p><\/p>\n","protected":false},"excerpt":{"rendered":"<p>D\u00e8s l\u2019\u00e2ge de 10 ans je r\u00eave de marcher sur les traces de Auguste Escoffier, mais j\u2019attend d\u2019avoir 16 ans pour quitter l\u2019\u00e9cole et d\u00e9buter ma formation .&nbsp; Je commence mon apprentissage avec Monsieur Vial chef du relais de Poitiers,&nbsp; apr\u00e8s deux ans pass\u00e9s aupr\u00e8s de ce grand monsieur , je travaille en tant que &hellip; <\/p>\n<p class=\"link-more\"><a href=\"https:\/\/atelierderic.fr\/index.php\/a-propos-de\/\" class=\"more-link\">Continuer la lecture<span class=\"screen-reader-text\"> de &laquo;&nbsp;\u00c0 propos du chef  &#8230;&nbsp;&raquo;<\/span><\/a><\/p>\n","protected":false},"author":1,"featured_media":337,"parent":0,"menu_order":0,"comment_status":"closed","ping_status":"closed","template":"","meta":[],"_links":{"self":[{"href":"https:\/\/atelierderic.fr\/index.php\/wp-json\/wp\/v2\/pages\/96"}],"collection":[{"href":"https:\/\/atelierderic.fr\/index.php\/wp-json\/wp\/v2\/pages"}],"about":[{"href":"https:\/\/atelierderic.fr\/index.php\/wp-json\/wp\/v2\/types\/page"}],"author":[{"embeddable":true,"href":"https:\/\/atelierderic.fr\/index.php\/wp-json\/wp\/v2\/users\/1"}],"replies":[{"embeddable":true,"href":"https:\/\/atelierderic.fr\/index.php\/wp-json\/wp\/v2\/comments?post=96"}],"version-history":[{"count":14,"href":"https:\/\/atelierderic.fr\/index.php\/wp-json\/wp\/v2\/pages\/96\/revisions"}],"predecessor-version":[{"id":339,"href":"https:\/\/atelierderic.fr\/index.php\/wp-json\/wp\/v2\/pages\/96\/revisions\/339"}],"wp:featuredmedia":[{"embeddable":true,"href":"https:\/\/atelierderic.fr\/index.php\/wp-json\/wp\/v2\/media\/337"}],"wp:attachment":[{"href":"https:\/\/atelierderic.fr\/index.php\/wp-json\/wp\/v2\/media?parent=96"}],"curies":[{"name":"wp","href":"https:\/\/api.w.org\/{rel}","templated":true}]}}